{"id":31,"date":"2016-08-02T10:06:20","date_gmt":"2016-08-02T08:06:20","guid":{"rendered":"http:\/\/beta.carnevals-gesellschaft-hoppecke.de\/?page_id=31"},"modified":"2026-03-04T10:00:40","modified_gmt":"2026-03-04T09:00:40","slug":"vorstand-und-senat","status":"publish","type":"page","link":"http:\/\/carnevals-gesellschaft-hoppecke.de\/index.php\/ueber-uns\/vorstand-und-senat\/","title":{"rendered":"Vorstand, Senat &#038; Ehrenmitglieder"},"content":{"rendered":"<p><img decoding=\"async\" loading=\"lazy\" class=\"alignnone  wp-image-21146\" src=\"http:\/\/carnevals-gesellschaft-hoppecke.de\/wp-content\/uploads\/2023\/01\/WhatsApp-Image-2023-01-04-at-20.17.58-e1672906613828-300x159.jpeg\" alt=\"\" width=\"747\" height=\"396\" srcset=\"http:\/\/carnevals-gesellschaft-hoppecke.de\/wp-content\/uploads\/2023\/01\/WhatsApp-Image-2023-01-04-at-20.17.58-e1672906613828-300x159.jpeg 300w, http:\/\/carnevals-gesellschaft-hoppecke.de\/wp-content\/uploads\/2023\/01\/WhatsApp-Image-2023-01-04-at-20.17.58-e1672906613828.jpeg 729w\" sizes=\"(max-width: 747px) 100vw, 747px\" \/><\/p>\n<p><strong>Der Vorstand<\/strong><\/p>\n<table border=\"0\">\n<tbody>\n<tr>\n<td>Pr\u00e4sident<\/td>\n<td>Reinhold Erlemeier<\/td>\n<\/tr>\n<tr>\n<td>Prinz<\/td>\n<td>Nikolas II. (Kemmerling)<\/td>\n<\/tr>\n<tr>\n<td>Kinderprinz<\/td>\n<td>Leon I. (Schmelter)<\/td>\n<\/tr>\n<tr>\n<td>Vize-Pr\u00e4sident<\/td>\n<td>Mathis Bertz<\/td>\n<\/tr>\n<tr>\n<td>Vize-Pr\u00e4sident<\/td>\n<td>Timo Henke<\/td>\n<\/tr>\n<tr>\n<td>Gesch\u00e4ftsf\u00fchrerin<\/td>\n<td>Katharina Schmelter<\/td>\n<\/tr>\n<tr>\n<td>Vize-Gesch\u00e4ftsf\u00fchrerin<\/td>\n<td>Michelle Schwarz<\/td>\n<\/tr>\n<tr>\n<td>Vize-Gesch\u00e4ftsf\u00fchrerin<\/td>\n<td>Sabine Kappe<\/td>\n<\/tr>\n<tr>\n<td>Schatzmeisterin<\/td>\n<td>Theresa Kemmerling<\/td>\n<\/tr>\n<tr>\n<td>Vize-Schatzmeister<\/td>\n<td>Gina Schl\u00f6mer<\/td>\n<\/tr>\n<tr>\n<td>Vize-Schatzmeister<\/td>\n<td>Julian Erlemeier<\/td>\n<\/tr>\n<tr>\n<td>Jugendvertreterin<\/td>\n<td>Beatrice Kemmerling<\/td>\n<\/tr>\n<tr>\n<td>Jugendvertreterin<\/td>\n<td>Felicitas Lange<\/td>\n<\/tr>\n<tr>\n<td>&#8222;Funduswart&#8220;<\/td>\n<td>Sabine Biederbeck<\/td>\n<\/tr>\n<\/tbody>\n<\/table>\n<p><strong>Der Senat<\/strong><\/p>\n<div id=\"attachment_20436\" style=\"width: 750px\" class=\"wp-caption alignnone\"><img aria-describedby=\"caption-attachment-20436\" decoding=\"async\" loading=\"lazy\" class=\"wp-image-20436 size-large\" src=\"http:\/\/carnevals-gesellschaft-hoppecke.de\/wp-content\/uploads\/2019\/04\/IMG_20190409_185908-1024x699.jpg\" alt=\"\" width=\"750\" height=\"512\" srcset=\"http:\/\/carnevals-gesellschaft-hoppecke.de\/wp-content\/uploads\/2019\/04\/IMG_20190409_185908-1024x699.jpg 1024w, http:\/\/carnevals-gesellschaft-hoppecke.de\/wp-content\/uploads\/2019\/04\/IMG_20190409_185908-300x205.jpg 300w, http:\/\/carnevals-gesellschaft-hoppecke.de\/wp-content\/uploads\/2019\/04\/IMG_20190409_185908-768x524.jpg 768w\" sizes=\"(max-width: 750px) 100vw, 750px\" \/><p id=\"caption-attachment-20436\" class=\"wp-caption-text\">V.l.n.r.: Heinz Biederbeck, Ralf Koke, Stephan Schmidt (<b>\u2020)<\/b>, Friedel Koke, Hans-Werner Schr\u00f6der (<b>\u2020)<\/b>, Hans-Ulrich Erlemeier und Adalbert Willecke<\/p><\/div>\n<p><strong>Ehrenmitglieder<\/strong><\/p>\n<div id=\"attachment_19982\" style=\"width: 750px\" class=\"wp-caption alignnone\"><img aria-describedby=\"caption-attachment-19982\" decoding=\"async\" loading=\"lazy\" class=\"wp-image-19982 size-large\" src=\"http:\/\/carnevals-gesellschaft-hoppecke.de\/wp-content\/uploads\/2019\/01\/IMG_0360-1024x884.jpg\" alt=\"\" width=\"750\" height=\"647\" srcset=\"http:\/\/carnevals-gesellschaft-hoppecke.de\/wp-content\/uploads\/2019\/01\/IMG_0360-1024x884.jpg 1024w, http:\/\/carnevals-gesellschaft-hoppecke.de\/wp-content\/uploads\/2019\/01\/IMG_0360-300x259.jpg 300w, http:\/\/carnevals-gesellschaft-hoppecke.de\/wp-content\/uploads\/2019\/01\/IMG_0360-768x663.jpg 768w, http:\/\/carnevals-gesellschaft-hoppecke.de\/wp-content\/uploads\/2019\/01\/IMG_0360.jpg 2004w\" sizes=\"(max-width: 750px) 100vw, 750px\" \/><p id=\"caption-attachment-19982\" class=\"wp-caption-text\">V.l.n.r.: Ralf Koke, Horst Pohl, Ulrich Pohl, Adalbert Willecke, Friedel Koke (vorne)<\/p><\/div>\n<div id=\"attachment_21040\" style=\"width: 587px\" class=\"wp-caption alignnone\"><img aria-describedby=\"caption-attachment-21040\" decoding=\"async\" loading=\"lazy\" class=\"wp-image-21040\" src=\"http:\/\/carnevals-gesellschaft-hoppecke.de\/wp-content\/uploads\/2021\/11\/WhatsApp-Image-2021-11-30-at-dfggf-300x249.jpeg\" alt=\"\" width=\"587\" height=\"487\" srcset=\"http:\/\/carnevals-gesellschaft-hoppecke.de\/wp-content\/uploads\/2021\/11\/WhatsApp-Image-2021-11-30-at-dfggf-300x249.jpeg 300w, http:\/\/carnevals-gesellschaft-hoppecke.de\/wp-content\/uploads\/2021\/11\/WhatsApp-Image-2021-11-30-at-dfggf-768x637.jpeg 768w, http:\/\/carnevals-gesellschaft-hoppecke.de\/wp-content\/uploads\/2021\/11\/WhatsApp-Image-2021-11-30-at-dfggf-1024x849.jpeg 1024w, http:\/\/carnevals-gesellschaft-hoppecke.de\/wp-content\/uploads\/2021\/11\/WhatsApp-Image-2021-11-30-at-dfggf.jpeg 1085w\" sizes=\"(max-width: 587px) 100vw, 587px\" \/><p id=\"caption-attachment-21040\" class=\"wp-caption-text\">V.l.n.r.: Stephan Schmidt (<b>\u2020)<\/b>, Sabine Biederbeck, Reinhold Erlemeier (noch kein Ehrenmitglied aber Pr\u00e4sident \ud83d\ude42 )<\/p><\/div>\n","protected":false},"excerpt":{"rendered":"<p>Der Vorstand Pr\u00e4sident Reinhold Erlemeier Prinz Nikolas II. (Kemmerling) Kinderprinz Leon I. (Schmelter) Vize-Pr\u00e4sident Mathis Bertz Vize-Pr\u00e4sident Timo Henke Gesch\u00e4ftsf\u00fchrerin Katharina Schmelter Vize-Gesch\u00e4ftsf\u00fchrerin Michelle Schwarz Vize-Gesch\u00e4ftsf\u00fchrerin Sabine Kappe Schatzmeisterin Theresa Kemmerling Vize-Schatzmeister Gina Schl\u00f6mer Vize-Schatzmeister Julian Erlemeier Jugendvertreterin Beatrice Kemmerling Jugendvertreterin Felicitas Lange &#8222;Funduswart&#8220; Sabine Biederbeck Der Senat Ehrenmitglieder<\/p>\n","protected":false},"author":1,"featured_media":0,"parent":29,"menu_order":0,"comment_status":"closed","ping_status":"closed","template":"","meta":[],"_links":{"self":[{"href":"http:\/\/carnevals-gesellschaft-hoppecke.de\/index.php\/wp-json\/wp\/v2\/pages\/31"}],"collection":[{"href":"http:\/\/carnevals-gesellschaft-hoppecke.de\/index.php\/wp-json\/wp\/v2\/pages"}],"about":[{"href":"http:\/\/carnevals-gesellschaft-hoppecke.de\/index.php\/wp-json\/wp\/v2\/types\/page"}],"author":[{"embeddable":true,"href":"http:\/\/carnevals-gesellschaft-hoppecke.de\/index.php\/wp-json\/wp\/v2\/users\/1"}],"replies":[{"embeddable":true,"href":"http:\/\/carnevals-gesellschaft-hoppecke.de\/index.php\/wp-json\/wp\/v2\/comments?post=31"}],"version-history":[{"count":43,"href":"http:\/\/carnevals-gesellschaft-hoppecke.de\/index.php\/wp-json\/wp\/v2\/pages\/31\/revisions"}],"predecessor-version":[{"id":24137,"href":"http:\/\/carnevals-gesellschaft-hoppecke.de\/index.php\/wp-json\/wp\/v2\/pages\/31\/revisions\/24137"}],"up":[{"embeddable":true,"href":"http:\/\/carnevals-gesellschaft-hoppecke.de\/index.php\/wp-json\/wp\/v2\/pages\/29"}],"wp:attachment":[{"href":"http:\/\/carnevals-gesellschaft-hoppecke.de\/index.php\/wp-json\/wp\/v2\/media?parent=31"}],"curies":[{"name":"wp","href":"https:\/\/api.w.org\/{rel}","templated":true}]}}